{"id":131,"date":"2019-05-08T04:29:26","date_gmt":"2019-05-08T04:29:26","guid":{"rendered":"http:\/\/amistad-pir.ca\/mission-and-vision\/"},"modified":"2025-09-30T15:33:04","modified_gmt":"2025-09-30T19:33:04","slug":"mission-and-vision","status":"publish","type":"page","link":"http:\/\/amistad-pir.ca\/en\/mission-and-vision\/","title":{"rendered":"\u00c0 propos"},"content":{"rendered":"<div data-elementor-type=\"wp-post\" data-elementor-id=\"131\" class=\"elementor elementor-131\">\n\t\t\t\t\t\t<section class=\"elementor-section elementor-top-section elementor-element elementor-element-fe70c6a elementor-section-boxed elementor-section-height-default elementor-section-height-default\" data-id=\"fe70c6a\" data-element_type=\"section\">\n\t\t\t\t\t\t<div class=\"elementor-container elementor-column-gap-extended\">\n\t\t\t\t\t<div class=\"elementor-column elementor-col-100 elementor-top-column elementor-element elementor-element-46c5e9a sc_inner_width_none sc_content_align_inherit sc_layouts_column_icons_position_left\" data-id=\"46c5e9a\" data-element_type=\"column\">\n\t\t\t<div class=\"elementor-widget-wrap elementor-element-populated\">\n\t\t\t\t\t\t\t<\/div>\n\t\t<\/div>\n\t\t\t\t\t<\/div>\n\t\t<\/section>\n\t\t\t\t<section class=\"elementor-section elementor-top-section elementor-element elementor-element-7fd221d elementor-section-boxed elementor-section-height-default elementor-section-height-default\" data-id=\"7fd221d\" data-element_type=\"section\">\n\t\t\t\t\t\t<div class=\"elementor-container elementor-column-gap-extended\">\n\t\t\t\t\t<div class=\"elementor-column elementor-col-50 elementor-top-column elementor-element elementor-element-1dd87b6 sc_inner_width_none sc_content_align_inherit sc_layouts_column_icons_position_left\" data-id=\"1dd87b6\" data-element_type=\"column\">\n\t\t\t<div class=\"elementor-widget-wrap elementor-element-populated\">\n\t\t\t\t\t\t<div class=\"elementor-element elementor-element-ad90dba sc_fly_static elementor-widget elementor-widget-heading\" data-id=\"ad90dba\" data-element_type=\"widget\" data-widget_type=\"heading.default\">\n\t\t\t\t<div class=\"elementor-widget-container\">\n\t\t\t\t\t<h2 class=\"elementor-heading-title elementor-size-default\"><br>L\u2019urgence de d\u00e9noncer, de se lever et d\u2019agir face \u00e0 l\u2019injustice.<\/h2>\t\t\t\t<\/div>\n\t\t\t\t<\/div>\n\t\t\t\t\t<\/div>\n\t\t<\/div>\n\t\t\t\t<div class=\"elementor-column elementor-col-50 elementor-top-column elementor-element elementor-element-9ff74a6 sc_inner_width_none sc_content_align_inherit sc_layouts_column_icons_position_left\" data-id=\"9ff74a6\" data-element_type=\"column\">\n\t\t\t<div class=\"elementor-widget-wrap elementor-element-populated\">\n\t\t\t\t\t\t<div class=\"elementor-element elementor-element-2996084 elementor-widget__width-initial sc_fly_static elementor-widget elementor-widget-image\" data-id=\"2996084\" data-element_type=\"widget\" data-widget_type=\"image.default\">\n\t\t\t\t<div class=\"elementor-widget-container\">\n\t\t\t\t\t\t\t\t\t\t\t\t\t\t\t<img fetchpriority=\"high\" decoding=\"async\" width=\"1024\" height=\"682\" src=\"https:\/\/amistad-pir.ca\/wp-content\/uploads\/2024\/01\/iStock-178485797-1024x682.jpg\" class=\"attachment-large size-large wp-image-187\" alt=\"\" srcset=\"https:\/\/amistad-pir.ca\/wp-content\/uploads\/2024\/01\/iStock-178485797-1024x682.jpg 1024w, https:\/\/amistad-pir.ca\/wp-content\/uploads\/2024\/01\/iStock-178485797-300x200.jpg 300w, https:\/\/amistad-pir.ca\/wp-content\/uploads\/2024\/01\/iStock-178485797-768x512.jpg 768w, https:\/\/amistad-pir.ca\/wp-content\/uploads\/2024\/01\/iStock-178485797-1536x1024.jpg 1536w, https:\/\/amistad-pir.ca\/wp-content\/uploads\/2024\/01\/iStock-178485797-370x247.jpg 370w, https:\/\/amistad-pir.ca\/wp-content\/uploads\/2024\/01\/iStock-178485797-1410x940.jpg 1410w, https:\/\/amistad-pir.ca\/wp-content\/uploads\/2024\/01\/iStock-178485797-700x467.jpg 700w, https:\/\/amistad-pir.ca\/wp-content\/uploads\/2024\/01\/iStock-178485797.jpg 2000w\" sizes=\"(max-width: 1024px) 100vw, 1024px\" \/>\t\t\t\t\t\t\t\t\t\t\t\t\t\t\t<\/div>\n\t\t\t\t<\/div>\n\t\t\t\t\t<\/div>\n\t\t<\/div>\n\t\t\t\t\t<\/div>\n\t\t<\/section>\n\t\t\t\t<section class=\"elementor-section elementor-top-section elementor-element elementor-element-f907706 elementor-section-boxed elementor-section-height-default elementor-section-height-default\" data-id=\"f907706\" data-element_type=\"section\">\n\t\t\t\t\t\t<div class=\"elementor-container elementor-column-gap-extended\">\n\t\t\t\t\t<div class=\"elementor-column elementor-col-100 elementor-top-column elementor-element elementor-element-e1542c9 sc_inner_width_none sc_content_align_inherit sc_layouts_column_icons_position_left\" data-id=\"e1542c9\" data-element_type=\"column\">\n\t\t\t<div class=\"elementor-widget-wrap elementor-element-populated\">\n\t\t\t\t\t\t<div class=\"elementor-element elementor-element-5573dbe elementor-widget-divider--view-line sc_fly_static elementor-widget elementor-widget-divider\" data-id=\"5573dbe\" data-element_type=\"widget\" data-widget_type=\"divider.default\">\n\t\t\t\t<div class=\"elementor-widget-container\">\n\t\t\t\t\t\t\t<div class=\"elementor-divider\">\n\t\t\t<span class=\"elementor-divider-separator\">\n\t\t\t\t\t\t<\/span>\n\t\t<\/div>\n\t\t\t\t\t\t<\/div>\n\t\t\t\t<\/div>\n\t\t\t\t\t<\/div>\n\t\t<\/div>\n\t\t\t\t\t<\/div>\n\t\t<\/section>\n\t\t\t\t<section class=\"elementor-section elementor-top-section elementor-element elementor-element-6cada6a elementor-section-boxed elementor-section-height-default elementor-section-height-default\" data-id=\"6cada6a\" data-element_type=\"section\">\n\t\t\t\t\t\t<div class=\"elementor-container elementor-column-gap-extended\">\n\t\t\t\t\t<div class=\"elementor-column elementor-col-100 elementor-top-column elementor-element elementor-element-ffab686 sc_inner_width_none sc_content_align_inherit sc_layouts_column_icons_position_left\" data-id=\"ffab686\" data-element_type=\"column\">\n\t\t\t<div class=\"elementor-widget-wrap elementor-element-populated\">\n\t\t\t\t\t\t<div class=\"elementor-element elementor-element-de52cfc sc_fly_static elementor-widget elementor-widget-heading\" data-id=\"de52cfc\" data-element_type=\"widget\" data-widget_type=\"heading.default\">\n\t\t\t\t<div class=\"elementor-widget-container\">\n\t\t\t\t\t<h2 class=\"elementor-heading-title elementor-size-default\">Historique<\/h2>\t\t\t\t<\/div>\n\t\t\t\t<\/div>\n\t\t\t\t\t<\/div>\n\t\t<\/div>\n\t\t\t\t\t<\/div>\n\t\t<\/section>\n\t\t\t\t<section class=\"elementor-section elementor-top-section elementor-element elementor-element-763ef33 elementor-section-boxed elementor-section-height-default elementor-section-height-default\" data-id=\"763ef33\" data-element_type=\"section\">\n\t\t\t\t\t\t<div class=\"elementor-container elementor-column-gap-extended\">\n\t\t\t\t\t<div class=\"elementor-column elementor-col-100 elementor-top-column elementor-element elementor-element-7f40b66 sc_inner_width_none sc_content_align_inherit sc_layouts_column_icons_position_left\" data-id=\"7f40b66\" data-element_type=\"column\">\n\t\t\t<div class=\"elementor-widget-wrap elementor-element-populated\">\n\t\t\t\t\t\t<div class=\"elementor-element elementor-element-55872b6 elementor-widget-divider--view-line sc_fly_static elementor-widget elementor-widget-divider\" data-id=\"55872b6\" data-element_type=\"widget\" data-widget_type=\"divider.default\">\n\t\t\t\t<div class=\"elementor-widget-container\">\n\t\t\t\t\t\t\t<div class=\"elementor-divider\">\n\t\t\t<span class=\"elementor-divider-separator\">\n\t\t\t\t\t\t<\/span>\n\t\t<\/div>\n\t\t\t\t\t\t<\/div>\n\t\t\t\t<\/div>\n\t\t\t\t\t<\/div>\n\t\t<\/div>\n\t\t\t\t\t<\/div>\n\t\t<\/section>\n\t\t\t\t<section class=\"elementor-section elementor-top-section elementor-element elementor-element-2e9dc14 elementor-section-boxed elementor-section-height-default elementor-section-height-default\" data-id=\"2e9dc14\" data-element_type=\"section\">\n\t\t\t\t\t\t<div class=\"elementor-container elementor-column-gap-extended\">\n\t\t\t\t\t<div class=\"elementor-column elementor-col-100 elementor-top-column elementor-element elementor-element-e6347e4 sc_inner_width_none sc_content_align_inherit sc_layouts_column_icons_position_left\" data-id=\"e6347e4\" data-element_type=\"column\">\n\t\t\t<div class=\"elementor-widget-wrap elementor-element-populated\">\n\t\t\t\t\t\t<div class=\"elementor-element elementor-element-8d235c2 sc_fly_static elementor-widget elementor-widget-text-editor\" data-id=\"8d235c2\" data-element_type=\"widget\" data-widget_type=\"text-editor.default\">\n\t\t\t\t<div class=\"elementor-widget-container\">\n\t\t\t\t\t\t\t\t\t<p>Anim\u00e9s par une volont\u00e9 commune de r\u00e9pondre \u00e0 l&rsquo;ampleur et \u00e0 la croissance pr\u00e9occupante de la traite humaine,\u00a0<span style=\"font-size: inherit;\">Amistad PIR a \u00e9t\u00e9 cofond\u00e9 en janvier 2023 par Adriano Morelli et Stacey Cac\u00e9us.<\/span><\/p><p>Adriano, ancien soldat des forces sp\u00e9ciales, a su canaliser son dynamisme et sa d\u00e9termination pour les mettre au service d&rsquo;une cause humaine essentielle. De son c\u00f4t\u00e9, Stacey, une femme engag\u00e9e dot\u00e9es d&rsquo;un leadership affirm\u00e9, a exerc\u00e9 des r\u00f4les cl\u00e9s dans les secteurs universitaire, religieux, financier et communautaire. Leurs parcours respectifs, \u00e0 la fois riches et compl\u00e9mentaires, les ont naturellement conduits \u00e0 s&rsquo;investir aupr\u00e8s des victimes de la traite humaine, une exp\u00e9rience d\u00e9cisive qui a non seulement fait germer leur mission commune mais a aussi permis de la cristalliser.<\/p><p>Conscients que de nombreuses personnes d\u00e9j\u00e0 confront\u00e9es \u00e0 des difficult\u00e9s sociales sont d&rsquo;autant plus vuln\u00e9rables \u00e0 l&rsquo;exploitation, Adriano et Stacey ont uni leurs forces pour sensibiliser, intervenir et proposer des solutions concr\u00e8tes. Leur d\u00e9marche a d\u00e9but\u00e9 par un travail de recherche et de mobilisation, puis s&rsquo;est concr\u00e9tiser par la fondation d&rsquo;Amistad PIR, une organisation d\u00e9di\u00e9e \u00e0 la lutte contre la traite humaine et \u00e0 la protection des victime<span style=\"font-size: inherit;\">s.<\/span><\/p>\t\t\t\t\t\t\t\t<\/div>\n\t\t\t\t<\/div>\n\t\t\t\t\t<\/div>\n\t\t<\/div>\n\t\t\t\t\t<\/div>\n\t\t<\/section>\n\t\t\t\t<section class=\"elementor-section elementor-top-section elementor-element elementor-element-9d3d341 elementor-section-boxed elementor-section-height-default elementor-section-height-default\" data-id=\"9d3d341\" data-element_type=\"section\">\n\t\t\t\t\t\t<div class=\"elementor-container elementor-column-gap-extended\">\n\t\t\t\t\t<div class=\"elementor-column elementor-col-100 elementor-top-column elementor-element elementor-element-fe01756 sc_inner_width_none sc_content_align_inherit sc_layouts_column_icons_position_left\" data-id=\"fe01756\" data-element_type=\"column\">\n\t\t\t<div class=\"elementor-widget-wrap elementor-element-populated\">\n\t\t\t\t\t\t<div class=\"elementor-element elementor-element-a0f8e96 sc_fly_static elementor-widget elementor-widget-spacer\" data-id=\"a0f8e96\" data-element_type=\"widget\" data-widget_type=\"spacer.default\">\n\t\t\t\t<div class=\"elementor-widget-container\">\n\t\t\t\t\t\t\t<div class=\"elementor-spacer\">\n\t\t\t<div class=\"elementor-spacer-inner\"><\/div>\n\t\t<\/div>\n\t\t\t\t\t\t<\/div>\n\t\t\t\t<\/div>\n\t\t\t\t\t<\/div>\n\t\t<\/div>\n\t\t\t\t\t<\/div>\n\t\t<\/section>\n\t\t\t\t<section class=\"elementor-section elementor-top-section elementor-element elementor-element-28ee7b7 elementor-section-boxed elementor-section-height-default elementor-section-height-default\" data-id=\"28ee7b7\" data-element_type=\"section\">\n\t\t\t\t\t\t<div class=\"elementor-container elementor-column-gap-extended\">\n\t\t\t\t\t<div class=\"elementor-column elementor-col-100 elementor-top-column elementor-element elementor-element-f3e733f sc_inner_width_none sc_content_align_inherit sc_layouts_column_icons_position_left\" data-id=\"f3e733f\" data-element_type=\"column\">\n\t\t\t<div class=\"elementor-widget-wrap elementor-element-populated\">\n\t\t\t\t\t\t<div class=\"elementor-element elementor-element-d6f550c sc_fly_static elementor-widget elementor-widget-heading\" data-id=\"d6f550c\" data-element_type=\"widget\" data-widget_type=\"heading.default\">\n\t\t\t\t<div class=\"elementor-widget-container\">\n\t\t\t\t\t<h2 class=\"elementor-heading-title elementor-size-default\">LE CONSEIL D'ADMINISTRATION<\/h2>\t\t\t\t<\/div>\n\t\t\t\t<\/div>\n\t\t\t\t\t<\/div>\n\t\t<\/div>\n\t\t\t\t\t<\/div>\n\t\t<\/section>\n\t\t\t\t<section class=\"elementor-section elementor-top-section elementor-element elementor-element-eb89214 elementor-section-boxed elementor-section-height-default elementor-section-height-default\" data-id=\"eb89214\" data-element_type=\"section\">\n\t\t\t\t\t\t<div class=\"elementor-container elementor-column-gap-extended\">\n\t\t\t\t\t<div class=\"elementor-column elementor-col-100 elementor-top-column elementor-element elementor-element-decce3f sc_inner_width_none sc_content_align_inherit sc_layouts_column_icons_position_left\" data-id=\"decce3f\" data-element_type=\"column\">\n\t\t\t<div class=\"elementor-widget-wrap elementor-element-populated\">\n\t\t\t\t\t\t<div class=\"elementor-element elementor-element-d6c0006 sc_fly_static elementor-widget elementor-widget-spacer\" data-id=\"d6c0006\" data-element_type=\"widget\" data-widget_type=\"spacer.default\">\n\t\t\t\t<div class=\"elementor-widget-container\">\n\t\t\t\t\t\t\t<div class=\"elementor-spacer\">\n\t\t\t<div class=\"elementor-spacer-inner\"><\/div>\n\t\t<\/div>\n\t\t\t\t\t\t<\/div>\n\t\t\t\t<\/div>\n\t\t\t\t\t<\/div>\n\t\t<\/div>\n\t\t\t\t\t<\/div>\n\t\t<\/section>\n\t\t\t\t<section class=\"elementor-section elementor-top-section elementor-element elementor-element-c47d6ba elementor-section-boxed elementor-section-height-default elementor-section-height-default\" data-id=\"c47d6ba\" data-element_type=\"section\">\n\t\t\t\t\t\t<div class=\"elementor-container elementor-column-gap-extended\">\n\t\t\t\t\t<div class=\"elementor-column elementor-col-33 elementor-top-column elementor-element elementor-element-a45ba2f sc_inner_width_none sc_content_align_inherit sc_layouts_column_icons_position_left\" data-id=\"a45ba2f\" data-element_type=\"column\">\n\t\t\t<div class=\"elementor-widget-wrap elementor-element-populated\">\n\t\t\t\t\t\t<div class=\"elementor-element elementor-element-694b237 sc_fly_static elementor-widget elementor-widget-image\" data-id=\"694b237\" data-element_type=\"widget\" data-widget_type=\"image.default\">\n\t\t\t\t<div class=\"elementor-widget-container\">\n\t\t\t\t\t\t\t\t\t\t\t\t\t\t\t<img decoding=\"async\" width=\"682\" height=\"1024\" src=\"https:\/\/amistad-pir.ca\/wp-content\/uploads\/2025\/09\/DSC09406-2.jpg\" class=\"attachment-large size-large wp-image-691\" alt=\"\" srcset=\"https:\/\/amistad-pir.ca\/wp-content\/uploads\/2025\/09\/DSC09406-2.jpg 682w, https:\/\/amistad-pir.ca\/wp-content\/uploads\/2025\/09\/DSC09406-2-200x300.jpg 200w, https:\/\/amistad-pir.ca\/wp-content\/uploads\/2025\/09\/DSC09406-2-8x12.jpg 8w, https:\/\/amistad-pir.ca\/wp-content\/uploads\/2025\/09\/DSC09406-2-370x556.jpg 370w\" sizes=\"(max-width: 682px) 100vw, 682px\" \/>\t\t\t\t\t\t\t\t\t\t\t\t\t\t\t<\/div>\n\t\t\t\t<\/div>\n\t\t\t\t\t<\/div>\n\t\t<\/div>\n\t\t\t\t<div class=\"elementor-column elementor-col-66 elementor-top-column elementor-element elementor-element-d2401cf sc_inner_width_none sc_content_align_inherit sc_layouts_column_icons_position_left\" data-id=\"d2401cf\" data-element_type=\"column\">\n\t\t\t<div class=\"elementor-widget-wrap elementor-element-populated\">\n\t\t\t\t\t\t<div class=\"elementor-element elementor-element-633a0a3 sc_fly_static elementor-widget elementor-widget-text-editor\" data-id=\"633a0a3\" data-element_type=\"widget\" data-widget_type=\"text-editor.default\">\n\t\t\t\t<div class=\"elementor-widget-container\">\n\t\t\t\t\t\t\t\t\t<p>Doctorante en communication, Stacey est titulaire d\u2019un baccalaur\u00e9at en communication relations humaines et d\u2019une ma\u00eetrise en communication internationale et interculturelle de l\u2019UQAM. Forte d\u2019une exp\u00e9rience significative dans la consultation, elle a accompagn\u00e9 diverses organisations, y compris des multinationales, des municipalit\u00e9s et des institutions financi\u00e8res, dans le d\u00e9ploiement d\u2019initiatives li\u00e9es \u00e0 l\u2019\u00e9quit\u00e9, la diversit\u00e9, l\u2019inclusion et l\u2019accessibilit\u00e9 (EDIA). Passionn\u00e9e par la gestion de projet, elle s\u2019int\u00e9resse \u00e0 la r\u00e9solution d\u2019enjeux complexes li\u00e9s \u00e0 la communication internationale et interculturelle. Aujourd\u2019hui, elle est cofondatrice et pr\u00e9sidente du conseil d\u2019administration d\u2019Amistad : Pr\u00e9vention-Intervention-R\u00e9habilitation, une organisation \u00e0 but non lucratif d\u00e9di\u00e9e \u00e0 la lutte contre la traite humaine, tant au niveau local qu\u2019international.<\/p>\t\t\t\t\t\t\t\t<\/div>\n\t\t\t\t<\/div>\n\t\t\t\t\t<\/div>\n\t\t<\/div>\n\t\t\t\t\t<\/div>\n\t\t<\/section>\n\t\t\t\t<section class=\"elementor-section elementor-top-section elementor-element elementor-element-b0cd314 elementor-section-boxed elementor-section-height-default elementor-section-height-default\" data-id=\"b0cd314\" data-element_type=\"section\">\n\t\t\t\t\t\t<div class=\"elementor-container elementor-column-gap-extended\">\n\t\t\t\t\t<div class=\"elementor-column elementor-col-100 elementor-top-column elementor-element elementor-element-083e8c1 sc_inner_width_none sc_content_align_inherit sc_layouts_column_icons_position_left\" data-id=\"083e8c1\" data-element_type=\"column\">\n\t\t\t<div class=\"elementor-widget-wrap elementor-element-populated\">\n\t\t\t\t\t\t<div class=\"elementor-element elementor-element-f1aee02 sc_fly_static elementor-widget elementor-widget-spacer\" data-id=\"f1aee02\" data-element_type=\"widget\" data-widget_type=\"spacer.default\">\n\t\t\t\t<div class=\"elementor-widget-container\">\n\t\t\t\t\t\t\t<div class=\"elementor-spacer\">\n\t\t\t<div class=\"elementor-spacer-inner\"><\/div>\n\t\t<\/div>\n\t\t\t\t\t\t<\/div>\n\t\t\t\t<\/div>\n\t\t\t\t\t<\/div>\n\t\t<\/div>\n\t\t\t\t\t<\/div>\n\t\t<\/section>\n\t\t\t\t<section class=\"elementor-section elementor-top-section elementor-element elementor-element-a569cff elementor-section-boxed elementor-section-height-default elementor-section-height-default\" data-id=\"a569cff\" data-element_type=\"section\">\n\t\t\t\t\t\t<div class=\"elementor-container elementor-column-gap-extended\">\n\t\t\t\t\t<div class=\"elementor-column elementor-col-33 elementor-top-column elementor-element elementor-element-dd59ac3 sc_inner_width_none sc_content_align_inherit sc_layouts_column_icons_position_left\" data-id=\"dd59ac3\" data-element_type=\"column\">\n\t\t\t<div class=\"elementor-widget-wrap elementor-element-populated\">\n\t\t\t\t\t\t<div class=\"elementor-element elementor-element-90b584d sc_fly_static elementor-widget elementor-widget-image\" data-id=\"90b584d\" data-element_type=\"widget\" data-widget_type=\"image.default\">\n\t\t\t\t<div class=\"elementor-widget-container\">\n\t\t\t\t\t\t\t\t\t\t\t\t\t\t\t<img decoding=\"async\" width=\"1080\" height=\"720\" src=\"https:\/\/amistad-pir.ca\/wp-content\/uploads\/2025\/09\/Sana-Milochevitch-Ipsopiko-website.webp\" class=\"attachment-large size-large wp-image-692\" alt=\"\" srcset=\"https:\/\/amistad-pir.ca\/wp-content\/uploads\/2025\/09\/Sana-Milochevitch-Ipsopiko-website.webp 1080w, https:\/\/amistad-pir.ca\/wp-content\/uploads\/2025\/09\/Sana-Milochevitch-Ipsopiko-website-300x200.webp 300w, https:\/\/amistad-pir.ca\/wp-content\/uploads\/2025\/09\/Sana-Milochevitch-Ipsopiko-website-768x512.webp 768w, https:\/\/amistad-pir.ca\/wp-content\/uploads\/2025\/09\/Sana-Milochevitch-Ipsopiko-website-18x12.webp 18w, https:\/\/amistad-pir.ca\/wp-content\/uploads\/2025\/09\/Sana-Milochevitch-Ipsopiko-website-370x247.webp 370w, https:\/\/amistad-pir.ca\/wp-content\/uploads\/2025\/09\/Sana-Milochevitch-Ipsopiko-website-700x467.webp 700w\" sizes=\"(max-width: 1080px) 100vw, 1080px\" \/>\t\t\t\t\t\t\t\t\t\t\t\t\t\t\t<\/div>\n\t\t\t\t<\/div>\n\t\t\t\t\t<\/div>\n\t\t<\/div>\n\t\t\t\t<div class=\"elementor-column elementor-col-66 elementor-top-column elementor-element elementor-element-6ed2837 sc_inner_width_none sc_content_align_inherit sc_layouts_column_icons_position_left\" data-id=\"6ed2837\" data-element_type=\"column\">\n\t\t\t<div class=\"elementor-widget-wrap elementor-element-populated\">\n\t\t\t\t\t\t<div class=\"elementor-element elementor-element-4677c3e sc_fly_static elementor-widget elementor-widget-text-editor\" data-id=\"4677c3e\" data-element_type=\"widget\" data-widget_type=\"text-editor.default\">\n\t\t\t\t<div class=\"elementor-widget-container\">\n\t\t\t\t\t\t\t\t\t<p>Coach ex\u00e9cutif et en transformation personnelle, formateur en leadership \u00e9thique et tisseur de liens interculturels,\u00a0Sana\u00a0accompagne depuis plus de vingt ans individus et collectifs vers plus de lucidit\u00e9, de courage, de justice et de puissance int\u00e9rieure. Form\u00e9 en anthropologie sociale et culturelle, aux pratiques corps-esprit et aux traditions de sagesse, il agit l\u00e0 o\u00f9 les syst\u00e8mes blessent et l\u00e0 o\u00f9 les \u00e2mes aspirent \u00e0 se r\u00e9parer.<br \/>En tant que vice-pr\u00e9sident du conseil d\u2019administration, il met son expertise strat\u00e9gique et son engagement profond\u00e9ment humaniste au service de la mission cruciale d\u2019AMISTAD PIR : pr\u00e9venir, intervenir et r\u00e9parer les blessures caus\u00e9es par la traite humaine, au Qu\u00e9bec comme \u00e0 l\u2019\u00e9chelle mondiale. Il croit qu\u2019aucun combat contre l\u2019exploitation ne peut se gagner\u00a0sans\u00a0r\u00e9humaniser en profondeur nos regards, nos structures et nos liens \u2014\u00a0sans\u00a0r\u00e9apprendre \u00e0 voir la dignit\u00e9 en chaque \u00eatre.<\/p>\t\t\t\t\t\t\t\t<\/div>\n\t\t\t\t<\/div>\n\t\t\t\t\t<\/div>\n\t\t<\/div>\n\t\t\t\t\t<\/div>\n\t\t<\/section>\n\t\t\t\t<section class=\"elementor-section elementor-top-section elementor-element elementor-element-7b54be7 elementor-section-boxed elementor-section-height-default elementor-section-height-default\" data-id=\"7b54be7\" data-element_type=\"section\">\n\t\t\t\t\t\t<div class=\"elementor-container elementor-column-gap-extended\">\n\t\t\t\t\t<div class=\"elementor-column elementor-col-100 elementor-top-column elementor-element elementor-element-b291d8a sc_inner_width_none sc_content_align_inherit sc_layouts_column_icons_position_left\" data-id=\"b291d8a\" data-element_type=\"column\">\n\t\t\t<div class=\"elementor-widget-wrap elementor-element-populated\">\n\t\t\t\t\t\t<div class=\"elementor-element elementor-element-f00608e sc_fly_static elementor-widget elementor-widget-spacer\" data-id=\"f00608e\" data-element_type=\"widget\" data-widget_type=\"spacer.default\">\n\t\t\t\t<div class=\"elementor-widget-container\">\n\t\t\t\t\t\t\t<div class=\"elementor-spacer\">\n\t\t\t<div class=\"elementor-spacer-inner\"><\/div>\n\t\t<\/div>\n\t\t\t\t\t\t<\/div>\n\t\t\t\t<\/div>\n\t\t\t\t\t<\/div>\n\t\t<\/div>\n\t\t\t\t\t<\/div>\n\t\t<\/section>\n\t\t\t\t<section class=\"elementor-section elementor-top-section elementor-element elementor-element-4824a14 elementor-section-boxed elementor-section-height-default elementor-section-height-default\" data-id=\"4824a14\" data-element_type=\"section\">\n\t\t\t\t\t\t<div class=\"elementor-container elementor-column-gap-extended\">\n\t\t\t\t\t<div class=\"elementor-column elementor-col-33 elementor-top-column elementor-element elementor-element-a596315 sc_inner_width_none sc_content_align_inherit sc_layouts_column_icons_position_left\" data-id=\"a596315\" data-element_type=\"column\">\n\t\t\t<div class=\"elementor-widget-wrap elementor-element-populated\">\n\t\t\t\t\t\t<div class=\"elementor-element elementor-element-8e7f021 sc_fly_static elementor-widget elementor-widget-image\" data-id=\"8e7f021\" data-element_type=\"widget\" data-widget_type=\"image.default\">\n\t\t\t\t<div class=\"elementor-widget-container\">\n\t\t\t\t\t\t\t\t\t\t\t\t\t\t\t<img loading=\"lazy\" decoding=\"async\" width=\"1410\" height=\"2136\" src=\"https:\/\/amistad-pir.ca\/wp-content\/uploads\/2025\/09\/IMG_2460-2640x4000.jpeg\" class=\"attachment-large size-large wp-image-693\" alt=\"\" srcset=\"https:\/\/amistad-pir.ca\/wp-content\/uploads\/2025\/09\/IMG_2460-2640x4000.jpeg 2640w, https:\/\/amistad-pir.ca\/wp-content\/uploads\/2025\/09\/IMG_2460-198x300.jpeg 198w, https:\/\/amistad-pir.ca\/wp-content\/uploads\/2025\/09\/IMG_2460-768x1164.jpeg 768w, https:\/\/amistad-pir.ca\/wp-content\/uploads\/2025\/09\/IMG_2460-1014x1536.jpeg 1014w, https:\/\/amistad-pir.ca\/wp-content\/uploads\/2025\/09\/IMG_2460-1352x2048.jpeg 1352w, https:\/\/amistad-pir.ca\/wp-content\/uploads\/2025\/09\/IMG_2460-8x12.jpeg 8w, https:\/\/amistad-pir.ca\/wp-content\/uploads\/2025\/09\/IMG_2460-370x561.jpeg 370w, https:\/\/amistad-pir.ca\/wp-content\/uploads\/2025\/09\/IMG_2460-1410x2137.jpeg 1410w, https:\/\/amistad-pir.ca\/wp-content\/uploads\/2025\/09\/IMG_2460-700x1061.jpeg 700w, https:\/\/amistad-pir.ca\/wp-content\/uploads\/2025\/09\/IMG_2460-scaled.jpeg 1689w\" sizes=\"(max-width: 1410px) 100vw, 1410px\" \/>\t\t\t\t\t\t\t\t\t\t\t\t\t\t\t<\/div>\n\t\t\t\t<\/div>\n\t\t\t\t\t<\/div>\n\t\t<\/div>\n\t\t\t\t<div class=\"elementor-column elementor-col-66 elementor-top-column elementor-element elementor-element-9f3f4d3 sc_inner_width_none sc_content_align_inherit sc_layouts_column_icons_position_left\" data-id=\"9f3f4d3\" data-element_type=\"column\">\n\t\t\t<div class=\"elementor-widget-wrap elementor-element-populated\">\n\t\t\t\t\t\t<div class=\"elementor-element elementor-element-cccd0dd sc_fly_static elementor-widget elementor-widget-text-editor\" data-id=\"cccd0dd\" data-element_type=\"widget\" data-widget_type=\"text-editor.default\">\n\t\t\t\t<div class=\"elementor-widget-container\">\n\t\t\t\t\t\t\t\t\t<p>Zabelle Victor est une femme qui est impliqu\u00e9e dans le monde du sport et de\u00a0l\u2019activit\u00e9 physique depuis son jeune \u00e2ge. Ancienne joueuse de basket-ball, elle a\u00a0voulu devenir un mod\u00e8le significatif et inspirant, en s\u2019impliquant comme\u00a0entraineur pour des \u00e9quipes f\u00e9minines de basket-ball en plus de son\u00a0engagement dans divers activit\u00e9s sportives au YMCA Cartierville, en\u00a0collaboration avec la ville d\u2019Ahuntsic -Cartierville.\u00a0Bacheli\u00e8re en enseignement de l\u2019\u00e9ducation physique et \u00e0 la sant\u00e9 et formatrice\u00a0de certifications en conditionnement physique pour les YMCA du Qu\u00e9bec,\u00a0Zabelle continue d\u2019\u00eatre un mod\u00e8le et partage ses connaissances en lien \u00e0 la\u00a0pratique r\u00e9guli\u00e8re de l\u2019activit\u00e9 physique aux coll\u00e9giens du C\u00e9gep Montmorency et\u00a0aux futurs entraineurs priv\u00e9s.\u00a0En plus de son engouement pour le sport et l\u2019activit\u00e9 physique, Zabelle est une\u00a0femme qui met de l\u2019avant la place et la voix des personnes issues de la diversit\u00e9\u00a0en s\u2019impliquant dans divers comit\u00e9s ou organismes, que cela soit avec les YMCA\u00a0du Qu\u00e9bec, l\u2019Institut du Nouveau Monde (INM) ou plus r\u00e9cemment avec projet\u00a0I\u2019MTL en collaboration avec La Maison des Jeunes de Bordeaux-Cartierville,\u00a0Nappoleon Communication et N\u00e9o Coll\u00e8gue.\u00a0Elle s\u2019implique depuis d\u00e9j\u00e0 deux ans pour l\u2019organisme Amistad Pr\u00e9vention-Intervention-R\u00e9habilitation en tant que secr\u00e9taire du conseil d\u2019administration. La\u00a0justice sociale, l\u2019\u00e9galit\u00e9 des droits et le respect de l\u2019individu dans son humanit\u00e9\u00a0sont des sujets qui interpelle Zabelle et qui la motive \u00e0 s\u2019impliquer pour Amistad.\u00a0Elle croit en la mission et d\u00e9sir faire partie du changement.<\/p>\t\t\t\t\t\t\t\t<\/div>\n\t\t\t\t<\/div>\n\t\t\t\t\t<\/div>\n\t\t<\/div>\n\t\t\t\t\t<\/div>\n\t\t<\/section>\n\t\t\t\t<section class=\"elementor-section elementor-top-section elementor-element elementor-element-d846c99 elementor-section-boxed elementor-section-height-default elementor-section-height-default\" data-id=\"d846c99\" data-element_type=\"section\">\n\t\t\t\t\t\t<div class=\"elementor-container elementor-column-gap-extended\">\n\t\t\t\t\t<div class=\"elementor-column elementor-col-100 elementor-top-column elementor-element elementor-element-461cf21 sc_inner_width_none sc_content_align_inherit sc_layouts_column_icons_position_left\" data-id=\"461cf21\" data-element_type=\"column\">\n\t\t\t<div class=\"elementor-widget-wrap elementor-element-populated\">\n\t\t\t\t\t\t<div class=\"elementor-element elementor-element-a1f96de sc_fly_static elementor-widget elementor-widget-spacer\" data-id=\"a1f96de\" data-element_type=\"widget\" data-widget_type=\"spacer.default\">\n\t\t\t\t<div class=\"elementor-widget-container\">\n\t\t\t\t\t\t\t<div class=\"elementor-spacer\">\n\t\t\t<div class=\"elementor-spacer-inner\"><\/div>\n\t\t<\/div>\n\t\t\t\t\t\t<\/div>\n\t\t\t\t<\/div>\n\t\t\t\t\t<\/div>\n\t\t<\/div>\n\t\t\t\t\t<\/div>\n\t\t<\/section>\n\t\t\t\t<section class=\"elementor-section elementor-top-section elementor-element elementor-element-d8e0fe8 elementor-section-boxed elementor-section-height-default elementor-section-height-default\" data-id=\"d8e0fe8\" data-element_type=\"section\">\n\t\t\t\t\t\t<div class=\"elementor-container elementor-column-gap-extended\">\n\t\t\t\t\t<div class=\"elementor-column elementor-col-33 elementor-top-column elementor-element elementor-element-878572f sc_inner_width_none sc_content_align_inherit sc_layouts_column_icons_position_left\" data-id=\"878572f\" data-element_type=\"column\">\n\t\t\t<div class=\"elementor-widget-wrap elementor-element-populated\">\n\t\t\t\t\t\t<div class=\"elementor-element elementor-element-96c758d sc_fly_static elementor-widget elementor-widget-image\" data-id=\"96c758d\" data-element_type=\"widget\" data-widget_type=\"image.default\">\n\t\t\t\t<div class=\"elementor-widget-container\">\n\t\t\t\t\t\t\t\t\t\t\t\t\t\t\t<img loading=\"lazy\" decoding=\"async\" width=\"1170\" height=\"1301\" src=\"https:\/\/amistad-pir.ca\/wp-content\/uploads\/2025\/09\/IMG_9401.jpg\" class=\"attachment-large size-large wp-image-695\" alt=\"\" srcset=\"https:\/\/amistad-pir.ca\/wp-content\/uploads\/2025\/09\/IMG_9401.jpg 1170w, https:\/\/amistad-pir.ca\/wp-content\/uploads\/2025\/09\/IMG_9401-270x300.jpg 270w, https:\/\/amistad-pir.ca\/wp-content\/uploads\/2025\/09\/IMG_9401-768x854.jpg 768w, https:\/\/amistad-pir.ca\/wp-content\/uploads\/2025\/09\/IMG_9401-11x12.jpg 11w, https:\/\/amistad-pir.ca\/wp-content\/uploads\/2025\/09\/IMG_9401-370x411.jpg 370w, https:\/\/amistad-pir.ca\/wp-content\/uploads\/2025\/09\/IMG_9401-700x778.jpg 700w\" sizes=\"(max-width: 1170px) 100vw, 1170px\" \/>\t\t\t\t\t\t\t\t\t\t\t\t\t\t\t<\/div>\n\t\t\t\t<\/div>\n\t\t\t\t\t<\/div>\n\t\t<\/div>\n\t\t\t\t<div class=\"elementor-column elementor-col-66 elementor-top-column elementor-element elementor-element-793dee7 sc_inner_width_none sc_content_align_inherit sc_layouts_column_icons_position_left\" data-id=\"793dee7\" data-element_type=\"column\">\n\t\t\t<div class=\"elementor-widget-wrap elementor-element-populated\">\n\t\t\t\t\t\t<div class=\"elementor-element elementor-element-e7a13f9 sc_fly_static elementor-widget elementor-widget-text-editor\" data-id=\"e7a13f9\" data-element_type=\"widget\" data-widget_type=\"text-editor.default\">\n\t\t\t\t<div class=\"elementor-widget-container\">\n\t\t\t\t\t\t\t\t\t<p style=\"text-align: justify;\"><span style=\"font-size: 14.0pt;\">Marvell\u00a0Calixte-Robert est CPA, professionnel comptable avec un parcours ax\u00e9 sur la finance et l\u2019audit<strong>.<\/strong>\u00a0Il a d\u00e9but\u00e9 sa carri\u00e8re en institutions financi\u00e8res, avant de se sp\u00e9cialiser en audit puis d\u2019occuper des fonctions d\u2019analyste financier.<\/span><\/p><p style=\"text-align: justify;\"><span style=\"font-size: 14.0pt;\">\u00a0Entrepreneur dans l\u2019\u00e2me, il dirige aujourd\u2019hui sa propre pratique comptable, au service de PME et d\u2019organismes. Passionn\u00e9 par l\u2019immobilier, les voyages et l\u2019entrepreneuriat, il s\u2019implique \u00e9galement dans des causes sociales. Son engagement aupr\u00e8s d\u2019Amistad est n\u00e9 d\u2019une volont\u00e9 concr\u00e8te de redonner au suivant et de soutenir des personnes qui, malgr\u00e9 des parcours difficiles, souhaitent reconstruire leur vie avec dignit\u00e9 et soutien.<\/span><\/p>\t\t\t\t\t\t\t\t<\/div>\n\t\t\t\t<\/div>\n\t\t\t\t\t<\/div>\n\t\t<\/div>\n\t\t\t\t\t<\/div>\n\t\t<\/section>\n\t\t\t\t<section class=\"elementor-section elementor-top-section elementor-element elementor-element-797d2ff elementor-section-boxed elementor-section-height-default elementor-section-height-default\" data-id=\"797d2ff\" data-element_type=\"section\">\n\t\t\t\t\t\t<div class=\"elementor-container elementor-column-gap-extended\">\n\t\t\t\t\t<div class=\"elementor-column elementor-col-100 elementor-top-column elementor-element elementor-element-4d88b41 sc_inner_width_none sc_content_align_inherit sc_layouts_column_icons_position_left\" data-id=\"4d88b41\" data-element_type=\"column\">\n\t\t\t<div class=\"elementor-widget-wrap elementor-element-populated\">\n\t\t\t\t\t\t<div class=\"elementor-element elementor-element-b7e8e96 sc_fly_static elementor-widget elementor-widget-spacer\" data-id=\"b7e8e96\" data-element_type=\"widget\" data-widget_type=\"spacer.default\">\n\t\t\t\t<div class=\"elementor-widget-container\">\n\t\t\t\t\t\t\t<div class=\"elementor-spacer\">\n\t\t\t<div class=\"elementor-spacer-inner\"><\/div>\n\t\t<\/div>\n\t\t\t\t\t\t<\/div>\n\t\t\t\t<\/div>\n\t\t\t\t\t<\/div>\n\t\t<\/div>\n\t\t\t\t\t<\/div>\n\t\t<\/section>\n\t\t\t\t<section class=\"elementor-section elementor-top-section elementor-element elementor-element-d05894f elementor-section-boxed elementor-section-height-default elementor-section-height-default\" data-id=\"d05894f\" data-element_type=\"section\">\n\t\t\t\t\t\t<div class=\"elementor-container elementor-column-gap-extended\">\n\t\t\t\t\t<div class=\"elementor-column elementor-col-33 elementor-top-column elementor-element elementor-element-3d7b581 sc_inner_width_none sc_content_align_inherit sc_layouts_column_icons_position_left\" data-id=\"3d7b581\" data-element_type=\"column\">\n\t\t\t<div class=\"elementor-widget-wrap elementor-element-populated\">\n\t\t\t\t\t\t<div class=\"elementor-element elementor-element-589ca25 sc_fly_static elementor-widget elementor-widget-image\" data-id=\"589ca25\" data-element_type=\"widget\" data-widget_type=\"image.default\">\n\t\t\t\t<div class=\"elementor-widget-container\">\n\t\t\t\t\t\t\t\t\t\t\t\t\t\t\t<img loading=\"lazy\" decoding=\"async\" width=\"1376\" height=\"2040\" src=\"https:\/\/amistad-pir.ca\/wp-content\/uploads\/2025\/09\/Creation-sans-titre.png\" class=\"attachment-large size-large wp-image-710\" alt=\"\" srcset=\"https:\/\/amistad-pir.ca\/wp-content\/uploads\/2025\/09\/Creation-sans-titre.png 1376w, https:\/\/amistad-pir.ca\/wp-content\/uploads\/2025\/09\/Creation-sans-titre-202x300.png 202w, https:\/\/amistad-pir.ca\/wp-content\/uploads\/2025\/09\/Creation-sans-titre-768x1139.png 768w, https:\/\/amistad-pir.ca\/wp-content\/uploads\/2025\/09\/Creation-sans-titre-1036x1536.png 1036w, https:\/\/amistad-pir.ca\/wp-content\/uploads\/2025\/09\/Creation-sans-titre-8x12.png 8w, https:\/\/amistad-pir.ca\/wp-content\/uploads\/2025\/09\/Creation-sans-titre-370x549.png 370w, https:\/\/amistad-pir.ca\/wp-content\/uploads\/2025\/09\/Creation-sans-titre-700x1038.png 700w\" sizes=\"(max-width: 1376px) 100vw, 1376px\" \/>\t\t\t\t\t\t\t\t\t\t\t\t\t\t\t<\/div>\n\t\t\t\t<\/div>\n\t\t\t\t\t<\/div>\n\t\t<\/div>\n\t\t\t\t<div class=\"elementor-column elementor-col-66 elementor-top-column elementor-element elementor-element-c6d5ec8 sc_inner_width_none sc_content_align_inherit sc_layouts_column_icons_position_left\" data-id=\"c6d5ec8\" data-element_type=\"column\">\n\t\t\t<div class=\"elementor-widget-wrap elementor-element-populated\">\n\t\t\t\t\t\t<div class=\"elementor-element elementor-element-f6b0e6c sc_fly_static elementor-widget elementor-widget-text-editor\" data-id=\"f6b0e6c\" data-element_type=\"widget\" data-widget_type=\"text-editor.default\">\n\t\t\t\t<div class=\"elementor-widget-container\">\n\t\t\t\t\t\t\t\t\t<p>Engag\u00e9e et profond\u00e9ment attach\u00e9e \u00e0 l\u2019implication citoyenne,\u00a0Firmina\u00a0place la justice sociale, l\u2019inclusion et le vivre-ensemble au c\u0153ur de ses actions. Enthousiaste et adepte d\u2019une approche participative, suite \u00e0 ses \u00e9tudes en politique et\u00a0en\u00a0\u00e9conomie elle porte des projets sur la vie d\u00e9mocratique aupr\u00e8s des jeunes et des femmes. Anim\u00e9e par le d\u00e9sir de contribuer \u00e0 de profondes transformations soci\u00e9tales, elle \u0153uvre \u00e0 contrer l\u2019exclusion, la pauvret\u00e9 et la discrimination.\u00a0<\/p><p>Son implication avec AMISTAD d\u00e9coule de sa conviction que chaque personne a droit \u00e0 la dignit\u00e9 et \u00e0 la libert\u00e9, et qu\u2019aucune forme d\u2019exploitation humaine ne devrait \u00eatre tol\u00e9r\u00e9e. Toujours pr\u00eate \u00e0 s\u2019engager dans une nouvelle cause ou \u00e0 lancer un projet rassembleur, elle pr\u00e9tend toutefois qu\u2019elle n\u2019a pas la main verte\u2026 sauf quand il s\u2019agit de faire pousser des id\u00e9es.<\/p>\t\t\t\t\t\t\t\t<\/div>\n\t\t\t\t<\/div>\n\t\t\t\t\t<\/div>\n\t\t<\/div>\n\t\t\t\t\t<\/div>\n\t\t<\/section>\n\t\t\t\t<section class=\"elementor-section elementor-top-section elementor-element elementor-element-6f9e436 elementor-section-boxed elementor-section-height-default elementor-section-height-default\" data-id=\"6f9e436\" data-element_type=\"section\">\n\t\t\t\t\t\t<div class=\"elementor-container elementor-column-gap-extended\">\n\t\t\t\t\t<div class=\"elementor-column elementor-col-33 elementor-top-column elementor-element elementor-element-0a94ea7 sc_inner_width_none sc_content_align_inherit sc_layouts_column_icons_position_left\" data-id=\"0a94ea7\" data-element_type=\"column\">\n\t\t\t<div class=\"elementor-widget-wrap\">\n\t\t\t\t\t\t\t<\/div>\n\t\t<\/div>\n\t\t\t\t<div class=\"elementor-column elementor-col-66 elementor-top-column elementor-element elementor-element-e656ec8 sc_inner_width_none sc_content_align_inherit sc_layouts_column_icons_position_left\" data-id=\"e656ec8\" data-element_type=\"column\">\n\t\t\t<div class=\"elementor-widget-wrap\">\n\t\t\t\t\t\t\t<\/div>\n\t\t<\/div>\n\t\t\t\t\t<\/div>\n\t\t<\/section>\n\t\t\t\t<section class=\"elementor-section elementor-top-section elementor-element elementor-element-1a1a160 elementor-section-boxed elementor-section-height-default elementor-section-height-default\" data-id=\"1a1a160\" data-element_type=\"section\">\n\t\t\t\t\t\t<div class=\"elementor-container elementor-column-gap-extended\">\n\t\t\t\t\t<div class=\"elementor-column elementor-col-100 elementor-top-column elementor-element elementor-element-2931c4d sc_inner_width_none sc_content_align_inherit sc_layouts_column_icons_position_left\" data-id=\"2931c4d\" data-element_type=\"column\">\n\t\t\t<div class=\"elementor-widget-wrap elementor-element-populated\">\n\t\t\t\t\t\t<div class=\"elementor-element elementor-element-8f492b7 sc_fly_static elementor-widget elementor-widget-spacer\" data-id=\"8f492b7\" data-element_type=\"widget\" data-widget_type=\"spacer.default\">\n\t\t\t\t<div class=\"elementor-widget-container\">\n\t\t\t\t\t\t\t<div class=\"elementor-spacer\">\n\t\t\t<div class=\"elementor-spacer-inner\"><\/div>\n\t\t<\/div>\n\t\t\t\t\t\t<\/div>\n\t\t\t\t<\/div>\n\t\t\t\t\t<\/div>\n\t\t<\/div>\n\t\t\t\t\t<\/div>\n\t\t<\/section>\n\t\t\t\t<\/div>","protected":false},"excerpt":{"rendered":"<p>L\u2019urgence de d\u00e9noncer, de se lever et d\u2019agir face \u00e0 l\u2019injustice. Historique Anim\u00e9s par une volont\u00e9 commune de r\u00e9pondre \u00e0 l&rsquo;ampleur et \u00e0 la croissance pr\u00e9occupante de la traite humaine,\u00a0Amistad PIR a \u00e9t\u00e9 cofond\u00e9 en janvier 2023 par Adriano Morelli et Stacey Cac\u00e9us. Adriano, ancien soldat des forces sp\u00e9ciales, a su canaliser son dynamisme et&hellip;<\/p>","protected":false},"author":1,"featured_media":0,"parent":0,"menu_order":0,"comment_status":"closed","ping_status":"closed","template":"","meta":{"give_campaign_id":0,"footnotes":""},"class_list":["post-131","page","type-page","status-publish","hentry"],"campaignId":"","_links":{"self":[{"href":"http:\/\/amistad-pir.ca\/en\/wp-json\/wp\/v2\/pages\/131","targetHints":{"allow":["GET"]}}],"collection":[{"href":"http:\/\/amistad-pir.ca\/en\/wp-json\/wp\/v2\/pages"}],"about":[{"href":"http:\/\/amistad-pir.ca\/en\/wp-json\/wp\/v2\/types\/page"}],"author":[{"embeddable":true,"href":"http:\/\/amistad-pir.ca\/en\/wp-json\/wp\/v2\/users\/1"}],"replies":[{"embeddable":true,"href":"http:\/\/amistad-pir.ca\/en\/wp-json\/wp\/v2\/comments?post=131"}],"version-history":[{"count":44,"href":"http:\/\/amistad-pir.ca\/en\/wp-json\/wp\/v2\/pages\/131\/revisions"}],"predecessor-version":[{"id":750,"href":"http:\/\/amistad-pir.ca\/en\/wp-json\/wp\/v2\/pages\/131\/revisions\/750"}],"wp:attachment":[{"href":"http:\/\/amistad-pir.ca\/en\/wp-json\/wp\/v2\/media?parent=131"}],"curies":[{"name":"wp","href":"https:\/\/api.w.org\/{rel}","templated":true}]}}